{"id":7,"date":"2020-10-28T10:10:24","date_gmt":"2020-10-28T10:10:24","guid":{"rendered":"http:\/\/www.ictsolutions.co\/shkollatest\/?page_id=7"},"modified":"2021-10-26T14:28:22","modified_gmt":"2021-10-26T14:28:22","slug":"rreth-nesh","status":"publish","type":"page","link":"https:\/\/shkollatpershendetin.al\/al\/rreth-nesh\/","title":{"rendered":"Rreth nesh"},"content":{"rendered":"\n<figure class=\"wp-block-pullquote\">\n<blockquote>\n<p style=\"font-size: 18px;\">N\u00eb Mars t\u00eb vitit 2020, organizata \u201cSave the Children\u201d ka filluar zbatimin e nj\u00eb projekti p\u00ebr promocionin sh\u00ebndet\u00ebsor dhe parandalimin e s\u00ebmundjeve jo t\u00eb transmetueshme (SJT) midis nx\u00ebn\u00ebsve t\u00eb shkollave 9-vje\u00e7are n\u00eb Shqip\u00ebri.<\/p>\n<p style=\"font-size: 18px;\"> Ky \u00ebsht\u00eb nj\u00eb projekt i Agjencis\u00eb Zvicerane p\u00ebr Zhvillim dhe Bashk\u00ebpunim (SDC) i em\u00ebrtuar: \u201cShkollat p\u00ebr Sh\u00ebndetin\u201d.<\/p> \n <p style=\"font-size: 18px;\">Projekti p\u00ebrb\u00ebhet nga nj\u00eb faz\u00eb fillestare 1-vje\u00e7are (Mars 2020 &#8211; Shkurt 2021),e ndjekur nga nj\u00eb faz\u00eb kryesore 4-vje\u00e7are (Mars 2021 &#8211; Shkurt 2025). <\/p>\n<p style=\"font-size: 18px;\">N\u00eb kuad\u00ebr t\u00eb Faz\u00ebs Fillestare t\u00eb projektit \u201cShkollat p\u00ebr Sh\u00ebndetin\u201d, b\u00ebhet\nthirrje p\u00ebr zhvillimin e manualeve praktike (udh\u00ebzuesve) q\u00eb do t\u00eb synojn\u00eb t\u00eb gjith\u00eb nx\u00ebn\u00ebsit e shkollave t\u00eb grupmosh\u00ebs 6-15 vje\u00e7 dhe do t\u00eb kontribuojn\u00eb drejtp\u00ebrdrejt\u00eb n\u00eb promovimin e sjelljeve t\u00eb sh\u00ebndetshme (praktikave, ose m\u00ebnyr\u00ebs s\u00eb jetes\u00ebs) midis nx\u00ebn\u00ebsve shkollor\u00eb n\u00eb Shqip\u00ebri.<\/p>\n<\/blockquote>\n<\/figure>\n\n\n\n<div class=\"wp-block-group\"><div class=\"wp-block-group__inner-container is-layout-flow wp-block-group-is-layout-flow\">\n<h2 class=\"has-text-align-center has-text-color wp-block-heading\" style=\"color:#ba0c49;font-size:38px\">Q\u00ebllimi dhe objektivat e projektit<\/h2>\n\n\n\n<div class=\"wp-block-columns is-layout-flex wp-container-core-columns-is-layout-1 wp-block-columns-is-layout-flex\">\n<div class=\"wp-block-column is-layout-flow wp-block-column-is-layout-flow\">\n<p>Q\u00ebllimi i projektit \u201cShkollat p\u00ebr Sh\u00ebndetin\u201d \u00ebsht\u00eb t\u00eb zvog\u00ebloj\u00eb ekspozimin<br>ndaj faktor\u00ebve kryesor\u00eb t\u00eb rrezikut p\u00ebr SJT-t\u00eb n\u00eb popullat\u00ebn<br>shqiptare n\u00eb p\u00ebrgjith\u00ebsi, por me nj\u00eb fokus t\u00eb ve\u00e7ant\u00eb te nx\u00ebn\u00ebsit e shkollave 9-vje\u00e7are.<br><\/p>\n<\/div>\n\n\n\n<div class=\"wp-block-column is-layout-flow wp-block-column-is-layout-flow\">\n<p style=\"font-size:18px\">Faza Fillestare synon hartimin e nj\u00eb qasjeje t\u00eb strukturuar dhe t\u00eb qart\u00eb t\u00eb zbatimit q\u00eb do t\u00eb udh\u00ebzoj\u00eb nd\u00ebrhyrjen e Faz\u00ebs Kryesore n\u00eb lidhje me arritjen e q\u00ebllimit p\u00ebrfundimtar t\u00eb projektit q\u00eb \u00ebsht\u00eb angazhimi i nx\u00ebn\u00ebsve shqiptar\u00eb n\u00eb<br>sjellje t\u00eb sh\u00ebndetshme.<\/p>\n<\/div>\n<\/div>\n\n\n\n<p><\/p>\n<\/div><\/div>\n\n\n\n<div class=\"wp-block-group\"><div class=\"wp-block-group__inner-container is-layout-flow wp-block-group-is-layout-flow\">\n<div class=\"wp-block-group\"><div class=\"wp-block-group__inner-container is-layout-flow wp-block-group-is-layout-flow\">\n<p class=\"has-text-align-center\"><strong>Aktivitetet kryesore t\u00eb projektit<\/strong><\/p>\n\n\n\n<p>Faza kryesore e projektit \u201cShkollat p\u00ebr Sh\u00ebndetin\u201d parashikon nj\u00eb gam\u00eb t\u00eb gjer\u00eb aktivitetesh q\u00eb do t\u00eb konsistojn\u00eb n\u00eb tre rezultatet e m\u00ebposhtme:<\/p>\n\n\n\n<ol><li>Aktivitete me p\u00ebrfituesit e drejtp\u00ebrdrejt\u00eb t\u00eb projektit (f\u00ebmij\u00ebt dhe prind\u00ebrit\/\nkujdestar\u00ebt e tyre): rritja e njohurive dhe aft\u00ebsive n\u00eb lidhje me\nparandalimin e SJT-ve dhe praktikat e sh\u00ebndetshme t\u00eb sjelljes.<\/li><li> Aktivitete me personelin e shkollave dhe personelin sh\u00ebndet\u00ebsor n\u00eb nivel lokal\n(vendor): trajnime dhe ngritje t\u00eb kapaciteteve p\u00ebr promovimin\ne nj\u00eb stili jetese t\u00eb sh\u00ebndetsh\u00ebm n\u00eb mesin e f\u00ebmij\u00ebve.\n.<\/li><li> Aktivitete me pushtetin n\u00eb nivel qendror dhe lokal (vendor):ngritja\ne kapaciteteve n\u00eb m\u00ebnyr\u00eb q\u00eb autoritetet n\u00eb t\u00eb gjitha nivelet t\u00eb\nmund\u00ebsojn\u00eb mjedise mb\u00ebshtet\u00ebse p\u00ebr promovimin e\npraktikave dhe sjelljeve t\u00eb sh\u00ebndetshme midis nx\u00ebn\u00ebsve t\u00eb\nshkollave dhe familjeve t\u00eb tyre.\n.<\/li><\/ol>\n<\/div><\/div>\n<\/div><\/div>\n\n\n\n<div class=\"wp-block-group\"><div class=\"wp-block-group__inner-container is-layout-flow wp-block-group-is-layout-flow\">\n<section class=\"wp-block-themeisle-blocks-advanced-columns alignwide has-2-columns has-desktop-equal-layout has-tablet-equal-layout has-mobile-collapsedRows-layout has-nogap-gap has-vertical-flex-start\" id=\"wp-block-themeisle-blocks-advanced-columns-e086ed70\"><div class=\"wp-block-themeisle-blocks-advanced-columns-overlay\"><\/div><div class=\"innerblocks-wrap\">\n<div class=\"wp-block-themeisle-blocks-advanced-column\" id=\"wp-block-themeisle-blocks-advanced-column-4099440c\">\n<h2 class=\"has-text-align-center wp-block-heading\">Struktura Organizative<\/h2>\n\n\n\n<div class=\"wp-block-buttons is-content-justification-center is-layout-flex wp-block-buttons-is-layout-flex\">\n<div class=\"wp-block-button is-style-primary\"><a class=\"wp-block-button__link has-accent-background-color has-background\" href=\"https:\/\/shkollatpershendetin.al\/struktura-organizative\/\" target=\"_blank\" rel=\"noreferrer noopener\">Lexo m\u00eb tep\u00ebr<\/a><\/div>\n<\/div>\n<\/div>\n\n\n\n<div class=\"wp-block-themeisle-blocks-advanced-column\" id=\"wp-block-themeisle-blocks-advanced-column-65ac720d\">\n<figure class=\"wp-block-image size-large\"><img decoding=\"async\" src=\"https:\/\/shkollatpershendetin.al\/wp-content\/uploads\/2021\/10\/Struktura-Organizative.jpg\" alt=\"\" class=\"wp-image-146\"\/><\/figure>\n<\/div>\n<\/div><\/section>\n\n\n\n<section class=\"wp-block-themeisle-blocks-advanced-columns alignwide has-2-columns has-desktop-equal-layout has-tablet-equal-layout has-mobile-collapsedRows-layout has-nogap-gap has-vertical-flex-start\" id=\"wp-block-themeisle-blocks-advanced-columns-33747958\"><div class=\"wp-block-themeisle-blocks-advanced-columns-overlay\"><\/div><div class=\"innerblocks-wrap\">\n<div class=\"wp-block-themeisle-blocks-advanced-column\" id=\"wp-block-themeisle-blocks-advanced-column-ddb24096\">\n<h2 class=\"has-text-align-center wp-block-heading\">Mbi Projektin<\/h2>\n\n\n\n<div class=\"wp-block-buttons is-content-justification-center is-layout-flex wp-block-buttons-is-layout-flex\">\n<div class=\"wp-block-button is-style-primary\"><a class=\"wp-block-button__link has-accent-background-color has-background\" href=\"https:\/\/shkollatpershendetin.al\/projekti-zvicerian-shkollat-per-shendetin\/\" target=\"_blank\" rel=\"noreferrer noopener\">Lexo m\u00eb tep\u00ebr<\/a><\/div>\n<\/div>\n<\/div>\n\n\n\n<div class=\"wp-block-themeisle-blocks-advanced-column\" id=\"wp-block-themeisle-blocks-advanced-column-151a51b4\">\n<figure class=\"wp-block-image size-large\"><img decoding=\"async\" src=\"https:\/\/shkollatpershendetin.al\/wp-content\/uploads\/2021\/10\/our-project-scaled.jpg\" alt=\"\" class=\"wp-image-146\"\/><\/figure>\n<\/div>\n<\/div><\/section>\n\n\n\n<section class=\"wp-block-themeisle-blocks-advanced-columns alignwide has-2-columns has-desktop-equal-layout has-tablet-equal-layout has-mobile-collapsedRows-layout has-nogap-gap has-vertical-flex-start\" id=\"wp-block-themeisle-blocks-advanced-columns-94f249de\">\n<div class=\"wp-block-themeisle-blocks-advanced-columns-overlay\"><\/div>\n<\/section>\n<\/div><\/div>\n","protected":false},"excerpt":{"rendered":"<p>N\u00eb Mars t\u00eb vitit 2020, organizata \u201cSave the Children\u201d ka filluar zbatimin e nj\u00eb projekti p\u00ebr promocionin sh\u00ebndet\u00ebsor dhe parandalimin e s\u00ebmundjeve jo t\u00eb transmetueshme (SJT) midis nx\u00ebn\u00ebsve t\u00eb shkollave 9-vje\u00e7are n\u00eb Shqip\u00ebri. Ky \u00ebsht\u00eb nj\u00eb projekt i Agjencis\u00eb Zvicerane p\u00ebr Zhvillim dhe Bashk\u00ebpunim (SDC) i em\u00ebrtuar: \u201cShkollat p\u00ebr Sh\u00ebndetin\u201d. [&hellip;]<\/p>\n","protected":false},"author":1,"featured_media":519,"parent":0,"menu_order":0,"comment_status":"closed","ping_status":"closed","template":"","meta":{"footnotes":""},"_links":{"self":[{"href":"https:\/\/shkollatpershendetin.al\/al\/wp-json\/wp\/v2\/pages\/7"}],"collection":[{"href":"https:\/\/shkollatpershendetin.al\/al\/wp-json\/wp\/v2\/pages"}],"about":[{"href":"https:\/\/shkollatpershendetin.al\/al\/wp-json\/wp\/v2\/types\/page"}],"author":[{"embeddable":true,"href":"https:\/\/shkollatpershendetin.al\/al\/wp-json\/wp\/v2\/users\/1"}],"replies":[{"embeddable":true,"href":"https:\/\/shkollatpershendetin.al\/al\/wp-json\/wp\/v2\/comments?post=7"}],"version-history":[{"count":1,"href":"https:\/\/shkollatpershendetin.al\/al\/wp-json\/wp\/v2\/pages\/7\/revisions"}],"predecessor-version":[{"id":1596,"href":"https:\/\/shkollatpershendetin.al\/al\/wp-json\/wp\/v2\/pages\/7\/revisions\/1596"}],"wp:featuredmedia":[{"embeddable":true,"href":"https:\/\/shkollatpershendetin.al\/al\/wp-json\/wp\/v2\/media\/519"}],"wp:attachment":[{"href":"https:\/\/shkollatpershendetin.al\/al\/wp-json\/wp\/v2\/media?parent=7"}],"curies":[{"name":"wp","href":"https:\/\/api.w.org\/{rel}","templated":true}]}}